{"id":805,"date":"2021-07-07T10:19:14","date_gmt":"2021-07-07T10:19:14","guid":{"rendered":"https:\/\/turismo.concellodeguitiriz.com\/camino\/camino-2\/"},"modified":"2026-02-12T10:11:32","modified_gmt":"2026-02-12T10:11:32","slug":"camino-2","status":"publish","type":"page","link":"https:\/\/turismo.concellodeguitiriz.com\/es\/camino\/camino-2\/","title":{"rendered":"La nueva variante del camino"},"content":{"rendered":"<p>[vc_row foundry_padding=\u00bbpt64 pb64&#8243; foundry_parallax=\u00bbnot-parallax\u00bb css=\u00bb.vc_custom_1642008928208{background-image: url(https:\/\/turismo.concellodeguitiriz.com\/wp-content\/uploads\/2021\/07\/camino-bgwhite.svg?id=293) !important;background-position: center !important;background-repeat: no-repeat !important;background-size: cover !important;}\u00bb][vc_column][vc_row_inner el_class=\u00bbmenu-atras\u00bb][vc_column_inner width=\u00bb1\/2&#8243;][vc_column_text]<a href=\"\/es\/camino\/\"><i class=\"fas fa-long-arrow-alt-left\"><\/i> Volver a la p\u00e1gina El Camino de Santiago<\/a>[\/vc_column_text][\/vc_column_inner][vc_column_inner width=\u00bb1\/2&#8243;][vc_column_text]<\/p>\n<p style=\"text-align: right;\"><a href=\"\/es\/camino\/camino-1\/\">Ver la Etapa Baamonde \u2013 Sobrado por Santa Leocadia \u2013 Miraz<i class=\"fas fa-long-arrow-alt-right\"><\/i><\/a><\/p>\n<p>[\/vc_column_text][\/vc_column_inner][\/vc_row_inner][vc_row_inner][vc_column_inner width=\u00bb2\/3&#8243; offset=\u00bbvc_col-lg-offset-2 vc_col-md-offset-2&#8243;][vc_column_text]<\/p>\n<h1 class=\"historia\" style=\"text-align: center;\"><strong>Etapa Baamonde \u2013 Sobrado por Vilar \u2013 As Cruces (32 km)<\/strong><\/h1>\n<p>[\/vc_column_text][\/vc_column_inner][\/vc_row_inner][\/vc_column][\/vc_row][vc_row foundry_padding=\u00bbpb0&#8243; el_class=\u00bbhidden\u00bb][vc_column][vc_row_inner el_class=\u00bbico-rutas hidden-xs hidden-sm\u00bb][vc_column_inner width=\u00bb1\/3&#8243;][vc_single_image image=\u00bb83&#8243; img_size=\u00bbfull\u00bb alignment=\u00bbcenter\u00bb el_class=\u00bbico\u00bb][vc_column_text]<\/p>\n<p style=\"text-align: center;\">Nivel de dificultad<\/p>\n<p style=\"text-align: center;\"><strong class=\"dificultad baja\">Media-baja<\/strong><\/p>\n<p>[\/vc_column_text][\/vc_column_inner][vc_column_inner width=\u00bb1\/3&#8243;][vc_single_image image=\u00bb85&#8243; img_size=\u00bbfull\u00bb alignment=\u00bbcenter\u00bb el_class=\u00bbico\u00bb][vc_column_text]<\/p>\n<p style=\"text-align: center;\">Tiempo<\/p>\n<p style=\"text-align: center;\"><strong>1:25h<\/strong><\/p>\n<p>[\/vc_column_text][\/vc_column_inner][vc_column_inner width=\u00bb1\/3&#8243;][vc_single_image image=\u00bb81&#8243; img_size=\u00bbfull\u00bb alignment=\u00bbcenter\u00bb el_class=\u00bbico\u00bb][vc_column_text]<\/p>\n<p style=\"text-align: center;\">Distancia<\/p>\n<p style=\"text-align: center;\"><strong>7,7km<\/strong><\/p>\n<p>[\/vc_column_text][\/vc_column_inner][\/vc_row_inner][vc_row_inner equal_height=\u00bbyes\u00bb content_placement=\u00bbmiddle\u00bb el_class=\u00bbinfo-rutas visible-xs visible-sm\u00bb][vc_column_inner width=\u00bb1\/4&#8243; offset=\u00bbvc_col-xs-3&#8243;][vc_single_image image=\u00bb83&#8243; img_size=\u00bbfull\u00bb alignment=\u00bbcenter\u00bb el_class=\u00bbico\u00bb][\/vc_column_inner][vc_column_inner width=\u00bb3\/4&#8243; offset=\u00bbvc_col-xs-9&#8243;][vc_column_text]<\/p>\n<p style=\"text-align: left;\">Nivel de dificultad: <strong class=\"dificultad baja\">Media-baja<\/strong><\/p>\n<p>[\/vc_column_text][\/vc_column_inner][\/vc_row_inner][vc_row_inner equal_height=\u00bbyes\u00bb content_placement=\u00bbmiddle\u00bb el_class=\u00bbinfo-rutas visible-xs visible-sm\u00bb][vc_column_inner width=\u00bb1\/4&#8243; offset=\u00bbvc_col-xs-3&#8243;][vc_single_image image=\u00bb85&#8243; img_size=\u00bbfull\u00bb alignment=\u00bbcenter\u00bb el_class=\u00bbico\u00bb][\/vc_column_inner][vc_column_inner width=\u00bb3\/4&#8243; offset=\u00bbvc_col-xs-9&#8243;][vc_column_text]<\/p>\n<p style=\"text-align: left;\">Tiempo: <strong>1:25h<\/strong><\/p>\n<p>[\/vc_column_text][\/vc_column_inner][\/vc_row_inner][vc_row_inner equal_height=\u00bbyes\u00bb content_placement=\u00bbmiddle\u00bb el_class=\u00bbinfo-rutas visible-xs visible-sm\u00bb][vc_column_inner width=\u00bb1\/4&#8243; offset=\u00bbvc_col-xs-3&#8243;][vc_single_image image=\u00bb81&#8243; img_size=\u00bbfull\u00bb alignment=\u00bbcenter\u00bb el_class=\u00bbico\u00bb][\/vc_column_inner][vc_column_inner width=\u00bb3\/4&#8243; offset=\u00bbvc_col-xs-9&#8243;][vc_column_text]<\/p>\n<p style=\"text-align: left;\">Distancia: <strong>7,7km<\/strong><\/p>\n<p>[\/vc_column_text][\/vc_column_inner][\/vc_row_inner][\/vc_column][\/vc_row][vc_row foundry_padding=\u00bbpt64 pb64&#8243;][vc_column][vc_row_inner][vc_column_inner width=\u00bb2\/3&#8243; offset=\u00bbvc_col-lg-offset-2 vc_col-md-offset-2&#8243;][vc_column_text]<\/p>\n<p style=\"text-align: justify;\">Este nueva vertiente, se\u00f1alizada por la Xunta de Galicia en el 2017, comienza tambi\u00e9n en San Alberte y coincide varios kil\u00f3metros con la otra variante hasta llegar la Toar, punto donde ambas se separan.<\/p>\n<p style=\"text-align: justify;\">El lugar de Toar, pertenece la parroquia de Sambreixo. Cuando atravesamos la hermosa aldea, podemos apreciar el Arroyo de Toar que nace un poco m\u00e1s la izquierda, en Eirexe, solar de la iglesia parroquial de Sambreixo. Siguiendo el riachuelo, que desemboca en el r\u00edo Parga, podemos ver un antiguo lavadero.<\/p>\n<p style=\"text-align: justify;\">Un poco m\u00e1s adelante, se bifurca el camino, a la derecha tomamos la ruta hacia Pobra de Parga por un camino envuelto en naturaleza hasta el cruce del Rego de Portofontao. All\u00ed tomamos la izquierda hacia A Belouchada.<\/p>\n<p style=\"text-align: justify;\">En A Belouchada podemos ver dos cruceros y las casas del lugar. Si continuamos la ruta, vemos las primeras casas de la Pobra con un paisaje de bosques frondosos y hermosas bosques.<\/p>\n<p>[\/vc_column_text][\/vc_column_inner][\/vc_row_inner][\/vc_column][\/vc_row][vc_row full_width=\u00bbstretch_row_content_no_spaces\u00bb foundry_padding=\u00bbpt64 pb64&#8243; el_class=\u00bbrow-fotos\u00bb][vc_column width=\u00bb1\/3&#8243;][vc_single_image image=\u00bb208&#8243; img_size=\u00bbfull\u00bb alignment=\u00bbcenter\u00bb][\/vc_column][vc_column width=\u00bb1\/3&#8243;][vc_single_image image=\u00bb210&#8243; img_size=\u00bbfull\u00bb alignment=\u00bbcenter\u00bb][\/vc_column][vc_column width=\u00bb1\/3&#8243;][vc_single_image image=\u00bb212&#8243; img_size=\u00bbfull\u00bb alignment=\u00bbcenter\u00bb][\/vc_column][\/vc_row][vc_row foundry_padding=\u00bbpt64 pb64&#8243;][vc_column][vc_row_inner][vc_column_inner width=\u00bb2\/3&#8243; offset=\u00bbvc_col-lg-offset-2 vc_col-md-offset-2&#8243;][vc_column_text]<\/p>\n<p style=\"text-align: justify;\">A Pobra, un recinto castre\u00f1o prerromano, cuenta con la Iglesia Parroquial de Santo Estevo y el Castillo de Parga del siglo XVI, que cuenta con una peque\u00f1a leyenda. Se dice que durante el reinado de los Reyes Cat\u00f3licos se convirti\u00f3 en c\u00e1rcel y que se o\u00eda en todo Parga los quejidos de los prisioneros cuando eran torturados.<\/p>\n<p style=\"text-align: justify;\">Al paso por la Pobra, nos dirigimos hacia Ferreira y Monteme\u00e1. Al llegar al lugar de Monteme\u00e1 el peregrino se va a encontrar con un cruce, y tiene que tomar a mano izquierda por la pista de tierra, y a unos 500 mts tomar un sendero que lo llevar\u00e1 hasta el lugar de Rebordi\u00f1os do Monte para continuar hasta O Vilar.<\/p>\n<p style=\"text-align: justify;\">Desde O Vilar se continuar\u00e1 un tramo por la carretera hasta llegar la parroquia de As Negradas. Justo antes, donde se encuentra el indicador del nombre de la parroquia, hay que tomar un sendero a mano derecha que nos llevar\u00e1 hacia Penabranca, y desde ah\u00ed se va a As Cruces para finalmente llegar a Sobrado, donde finaliza la etapa.<\/p>\n<p><strong>ALOJAMIENTOS EN ESTA VARIANTE:<\/strong><\/p>\n<p><strong>PARGA NATURE<\/strong><\/p>\n<p>Plaza Santo Estevo, 14, Parga, 2380 Parga, Guitiriz (Lugo).<\/p>\n<p>Telf: 642 411 371.<\/p>\n<p><strong>CASA RURAL A CUEVONA.<\/strong><\/p>\n<p>Lugar. O Covelo, s\/n, 27380, Guitiriz, Lugo.<\/p>\n<p>Telf: 984 055 554.<\/p>\n<p><strong>CASA DON LINO.<\/strong><\/p>\n<p>R\/ Castelao, 1, 27380, Parga, Guitiriz.<\/p>\n<p>Tlf: 657 018 347.<\/p>\n<p><strong>TABERNA A MODIA<\/strong><\/p>\n<p>Lgar. Casanova, 4, 27308, Vilar.<\/p>\n<p>Telf: 696 330 409.[\/vc_column_text][vc_message]El Camino Norte de Santiago alcanza la declaraci\u00f3n de Patrimonio de la Humanidad, junto con el Camino Primitivo, declaraci\u00f3n que otorg\u00f3 la Unesco en julio de 2015.[\/vc_message][\/vc_column_inner][\/vc_row_inner][\/vc_column][\/vc_row][vc_row foundry_background_style=\u00bbbg-secondary\u00bb foundry_padding=\u00bbpt0 pb0&#8243; el_class=\u00bbprefooter\u00bb][vc_column][vc_row_inner][vc_column_inner][vc_column_text]<\/p>\n<h3 style=\"text-align: center;\">Descarga el folleto de la<br \/>\n<strong>Etapa Baamonde \u2013 Sobrado por Vilar \u2013 As Cruces<\/strong><\/h3>\n<p style=\"text-align: center;\"><a class=\"btn\" href=\"https:\/\/turismo.concellodeguitiriz.com\/wp-content\/uploads\/2026\/02\/folleto-xacobeo-guitiriz-2026.pdf\" target=\"_blank\" rel=\"noopener\">Descargar<\/a><\/p>\n<p>[\/vc_column_text][\/vc_column_inner][\/vc_row_inner][\/vc_column][\/vc_row]<\/p>\n","protected":false},"excerpt":{"rendered":"<p>[vc_row foundry_padding=\u00bbpt64 pb64&#8243; foundry_parallax=\u00bbnot-parallax\u00bb css=\u00bb.vc_custom_1642008928208{background-image: url(https:\/\/turismo.concellodeguitiriz.com\/wp-content\/uploads\/2021\/07\/camino-bgwhite.svg?id=293) !important;background-position: center !important;background-repeat: no-repeat !important;background-size: cover !important;}\u00bb][vc_column][vc_row_inner el_class=\u00bbmenu-atras\u00bb][vc_column_inner width=\u00bb1\/2&#8243;][vc_column_text] Volver a la p\u00e1gina El Camino&#8230;<\/p>\n","protected":false},"author":1,"featured_media":0,"parent":801,"menu_order":0,"comment_status":"closed","ping_status":"closed","template":"","meta":{"footnotes":"","_links_to":"","_links_to_target":""},"class_list":["post-805","page","type-page","status-publish","hentry"],"yoast_head":"<!-- This site is optimized with the Yoast SEO plugin v19.13 - https:\/\/yoast.com\/wordpress\/plugins\/seo\/ -->\n<title>La nueva variante del camino | Turismo de Guitiriz<\/title>\n<meta name=\"description\" content=\"El Camino Primitivo de Santiago surge de la b\u00fasqueda de criterios hist\u00f3ricos y medio ambientales. Este nuevo recorrido permite a los caminantes conocer Guitiriz m\u00e1s a fondo y disfrutar de su riqueza natural, hist\u00f3rica y cultura de la Tierra de la Piedra y el Agua.\" \/>\n<meta name=\"robots\" content=\"index, follow, max-snippet:-1, max-image-preview:large, max-video-preview:-1\" \/>\n<link rel=\"canonical\" href=\"https:\/\/turismo.concellodeguitiriz.com\/es\/camino\/camino-2\/\" \/>\n<meta property=\"og:locale\" content=\"es_ES\" \/>\n<meta property=\"og:type\" content=\"article\" \/>\n<meta property=\"og:title\" content=\"El Camino Primitivo | Turismo de Guitiriz\" \/>\n<meta property=\"og:description\" content=\"El Camino Primitivo de Santiago surge de la b\u00fasqueda de criterios hist\u00f3ricos y medio ambientales. Este nuevo recorrido permite a los caminantes conocer Guitiriz m\u00e1s a fondo y disfrutar de su riqueza natural, hist\u00f3rica y cultura de la Tierra de la Piedra y el Agua.\" \/>\n<meta property=\"og:url\" content=\"https:\/\/turismo.concellodeguitiriz.com\/es\/camino\/camino-2\/\" \/>\n<meta property=\"og:site_name\" content=\"Turismo de Guitiriz\" \/>\n<meta property=\"article:publisher\" content=\"https:\/\/www.facebook.com\/concellodeguitiriz\/\" \/>\n<meta property=\"article:modified_time\" content=\"2026-02-12T10:11:32+00:00\" \/>\n<meta name=\"twitter:card\" content=\"summary_large_image\" \/>\n<meta name=\"twitter:title\" content=\"El Camino Primitivo | Turismo de Guitiriz\" \/>\n<meta name=\"twitter:description\" content=\"El Camino Primitivo de Santiago surge de la b\u00fasqueda de criterios hist\u00f3ricos y medio ambientales. Este nuevo recorrido permite a los caminantes conocer Guitiriz m\u00e1s a fondo y disfrutar de su riqueza natural, hist\u00f3rica y cultura de la Tierra de la Piedra y el Agua.\" \/>\n<meta name=\"twitter:label1\" content=\"Tiempo de lectura\" \/>\n\t<meta name=\"twitter:data1\" content=\"3 minutos\" \/>\n<script type=\"application\/ld+json\" class=\"yoast-schema-graph\">{\"@context\":\"https:\/\/schema.org\",\"@graph\":[{\"@type\":\"WebPage\",\"@id\":\"https:\/\/turismo.concellodeguitiriz.com\/es\/camino\/camino-2\/\",\"url\":\"https:\/\/turismo.concellodeguitiriz.com\/es\/camino\/camino-2\/\",\"name\":\"La nueva variante del camino | Turismo de Guitiriz\",\"isPartOf\":{\"@id\":\"https:\/\/turismo.concellodeguitiriz.com\/#website\"},\"datePublished\":\"2021-07-07T10:19:14+00:00\",\"dateModified\":\"2026-02-12T10:11:32+00:00\",\"description\":\"El Camino Primitivo de Santiago surge de la b\u00fasqueda de criterios hist\u00f3ricos y medio ambientales. Este nuevo recorrido permite a los caminantes conocer Guitiriz m\u00e1s a fondo y disfrutar de su riqueza natural, hist\u00f3rica y cultura de la Tierra de la Piedra y el Agua.\",\"breadcrumb\":{\"@id\":\"https:\/\/turismo.concellodeguitiriz.com\/es\/camino\/camino-2\/#breadcrumb\"},\"inLanguage\":\"es\",\"potentialAction\":[{\"@type\":\"ReadAction\",\"target\":[\"https:\/\/turismo.concellodeguitiriz.com\/es\/camino\/camino-2\/\"]}]},{\"@type\":\"BreadcrumbList\",\"@id\":\"https:\/\/turismo.concellodeguitiriz.com\/es\/camino\/camino-2\/#breadcrumb\",\"itemListElement\":[{\"@type\":\"ListItem\",\"position\":1,\"name\":\"Portada\",\"item\":\"https:\/\/turismo.concellodeguitiriz.com\/es\/\"},{\"@type\":\"ListItem\",\"position\":2,\"name\":\"El Camino de Santiago\",\"item\":\"https:\/\/turismo.concellodeguitiriz.com\/es\/camino\/\"},{\"@type\":\"ListItem\",\"position\":3,\"name\":\"La nueva variante del camino\"}]},{\"@type\":\"WebSite\",\"@id\":\"https:\/\/turismo.concellodeguitiriz.com\/#website\",\"url\":\"https:\/\/turismo.concellodeguitiriz.com\/\",\"name\":\"Turismo de Guitiriz\",\"description\":\"Concello de Guitiriz\",\"publisher\":{\"@id\":\"https:\/\/turismo.concellodeguitiriz.com\/#organization\"},\"potentialAction\":[{\"@type\":\"SearchAction\",\"target\":{\"@type\":\"EntryPoint\",\"urlTemplate\":\"https:\/\/turismo.concellodeguitiriz.com\/?s={search_term_string}\"},\"query-input\":\"required name=search_term_string\"}],\"inLanguage\":\"es\"},{\"@type\":\"Organization\",\"@id\":\"https:\/\/turismo.concellodeguitiriz.com\/#organization\",\"name\":\"Turismo Guitiriz\",\"url\":\"https:\/\/turismo.concellodeguitiriz.com\/\",\"logo\":{\"@type\":\"ImageObject\",\"inLanguage\":\"es\",\"@id\":\"https:\/\/turismo.concellodeguitiriz.com\/#\/schema\/logo\/image\/\",\"url\":\"https:\/\/turismo.concellodeguitiriz.com\/wp-content\/uploads\/2021\/06\/g-turismo-logopos.png\",\"contentUrl\":\"https:\/\/turismo.concellodeguitiriz.com\/wp-content\/uploads\/2021\/06\/g-turismo-logopos.png\",\"width\":2001,\"height\":1024,\"caption\":\"Turismo Guitiriz\"},\"image\":{\"@id\":\"https:\/\/turismo.concellodeguitiriz.com\/#\/schema\/logo\/image\/\"},\"sameAs\":[\"https:\/\/www.instagram.com\/guitirizigualdade\/\",\"https:\/\/www.facebook.com\/concellodeguitiriz\/\"]}]}<\/script>\n<!-- \/ Yoast SEO plugin. -->","yoast_head_json":{"title":"La nueva variante del camino | Turismo de Guitiriz","description":"El Camino Primitivo de Santiago surge de la b\u00fasqueda de criterios hist\u00f3ricos y medio ambientales. Este nuevo recorrido permite a los caminantes conocer Guitiriz m\u00e1s a fondo y disfrutar de su riqueza natural, hist\u00f3rica y cultura de la Tierra de la Piedra y el Agua.","robots":{"index":"index","follow":"follow","max-snippet":"max-snippet:-1","max-image-preview":"max-image-preview:large","max-video-preview":"max-video-preview:-1"},"canonical":"https:\/\/turismo.concellodeguitiriz.com\/es\/camino\/camino-2\/","og_locale":"es_ES","og_type":"article","og_title":"El Camino Primitivo | Turismo de Guitiriz","og_description":"El Camino Primitivo de Santiago surge de la b\u00fasqueda de criterios hist\u00f3ricos y medio ambientales. Este nuevo recorrido permite a los caminantes conocer Guitiriz m\u00e1s a fondo y disfrutar de su riqueza natural, hist\u00f3rica y cultura de la Tierra de la Piedra y el Agua.","og_url":"https:\/\/turismo.concellodeguitiriz.com\/es\/camino\/camino-2\/","og_site_name":"Turismo de Guitiriz","article_publisher":"https:\/\/www.facebook.com\/concellodeguitiriz\/","article_modified_time":"2026-02-12T10:11:32+00:00","twitter_card":"summary_large_image","twitter_title":"El Camino Primitivo | Turismo de Guitiriz","twitter_description":"El Camino Primitivo de Santiago surge de la b\u00fasqueda de criterios hist\u00f3ricos y medio ambientales. Este nuevo recorrido permite a los caminantes conocer Guitiriz m\u00e1s a fondo y disfrutar de su riqueza natural, hist\u00f3rica y cultura de la Tierra de la Piedra y el Agua.","twitter_misc":{"Tiempo de lectura":"3 minutos"},"schema":{"@context":"https:\/\/schema.org","@graph":[{"@type":"WebPage","@id":"https:\/\/turismo.concellodeguitiriz.com\/es\/camino\/camino-2\/","url":"https:\/\/turismo.concellodeguitiriz.com\/es\/camino\/camino-2\/","name":"La nueva variante del camino | Turismo de Guitiriz","isPartOf":{"@id":"https:\/\/turismo.concellodeguitiriz.com\/#website"},"datePublished":"2021-07-07T10:19:14+00:00","dateModified":"2026-02-12T10:11:32+00:00","description":"El Camino Primitivo de Santiago surge de la b\u00fasqueda de criterios hist\u00f3ricos y medio ambientales. Este nuevo recorrido permite a los caminantes conocer Guitiriz m\u00e1s a fondo y disfrutar de su riqueza natural, hist\u00f3rica y cultura de la Tierra de la Piedra y el Agua.","breadcrumb":{"@id":"https:\/\/turismo.concellodeguitiriz.com\/es\/camino\/camino-2\/#breadcrumb"},"inLanguage":"es","potentialAction":[{"@type":"ReadAction","target":["https:\/\/turismo.concellodeguitiriz.com\/es\/camino\/camino-2\/"]}]},{"@type":"BreadcrumbList","@id":"https:\/\/turismo.concellodeguitiriz.com\/es\/camino\/camino-2\/#breadcrumb","itemListElement":[{"@type":"ListItem","position":1,"name":"Portada","item":"https:\/\/turismo.concellodeguitiriz.com\/es\/"},{"@type":"ListItem","position":2,"name":"El Camino de Santiago","item":"https:\/\/turismo.concellodeguitiriz.com\/es\/camino\/"},{"@type":"ListItem","position":3,"name":"La nueva variante del camino"}]},{"@type":"WebSite","@id":"https:\/\/turismo.concellodeguitiriz.com\/#website","url":"https:\/\/turismo.concellodeguitiriz.com\/","name":"Turismo de Guitiriz","description":"Concello de Guitiriz","publisher":{"@id":"https:\/\/turismo.concellodeguitiriz.com\/#organization"},"potentialAction":[{"@type":"SearchAction","target":{"@type":"EntryPoint","urlTemplate":"https:\/\/turismo.concellodeguitiriz.com\/?s={search_term_string}"},"query-input":"required name=search_term_string"}],"inLanguage":"es"},{"@type":"Organization","@id":"https:\/\/turismo.concellodeguitiriz.com\/#organization","name":"Turismo Guitiriz","url":"https:\/\/turismo.concellodeguitiriz.com\/","logo":{"@type":"ImageObject","inLanguage":"es","@id":"https:\/\/turismo.concellodeguitiriz.com\/#\/schema\/logo\/image\/","url":"https:\/\/turismo.concellodeguitiriz.com\/wp-content\/uploads\/2021\/06\/g-turismo-logopos.png","contentUrl":"https:\/\/turismo.concellodeguitiriz.com\/wp-content\/uploads\/2021\/06\/g-turismo-logopos.png","width":2001,"height":1024,"caption":"Turismo Guitiriz"},"image":{"@id":"https:\/\/turismo.concellodeguitiriz.com\/#\/schema\/logo\/image\/"},"sameAs":["https:\/\/www.instagram.com\/guitirizigualdade\/","https:\/\/www.facebook.com\/concellodeguitiriz\/"]}]}},"_links":{"self":[{"href":"https:\/\/turismo.concellodeguitiriz.com\/es\/wp-json\/wp\/v2\/pages\/805","targetHints":{"allow":["GET"]}}],"collection":[{"href":"https:\/\/turismo.concellodeguitiriz.com\/es\/wp-json\/wp\/v2\/pages"}],"about":[{"href":"https:\/\/turismo.concellodeguitiriz.com\/es\/wp-json\/wp\/v2\/types\/page"}],"author":[{"embeddable":true,"href":"https:\/\/turismo.concellodeguitiriz.com\/es\/wp-json\/wp\/v2\/users\/1"}],"replies":[{"embeddable":true,"href":"https:\/\/turismo.concellodeguitiriz.com\/es\/wp-json\/wp\/v2\/comments?post=805"}],"version-history":[{"count":6,"href":"https:\/\/turismo.concellodeguitiriz.com\/es\/wp-json\/wp\/v2\/pages\/805\/revisions"}],"predecessor-version":[{"id":1480,"href":"https:\/\/turismo.concellodeguitiriz.com\/es\/wp-json\/wp\/v2\/pages\/805\/revisions\/1480"}],"up":[{"embeddable":true,"href":"https:\/\/turismo.concellodeguitiriz.com\/es\/wp-json\/wp\/v2\/pages\/801"}],"wp:attachment":[{"href":"https:\/\/turismo.concellodeguitiriz.com\/es\/wp-json\/wp\/v2\/media?parent=805"}],"curies":[{"name":"wp","href":"https:\/\/api.w.org\/{rel}","templated":true}]}}