{"id":815,"date":"2021-07-05T17:39:35","date_gmt":"2021-07-05T17:39:35","guid":{"rendered":"https:\/\/turismo.concellodeguitiriz.com\/camino\/camino-1\/"},"modified":"2026-02-12T10:09:12","modified_gmt":"2026-02-12T10:09:12","slug":"camino-1","status":"publish","type":"page","link":"https:\/\/turismo.concellodeguitiriz.com\/es\/camino\/camino-1\/","title":{"rendered":"El camino tradicional"},"content":{"rendered":"<p>[vc_row foundry_padding=\u00bbpt64 pb64&#8243; foundry_parallax=\u00bbnot-parallax\u00bb css=\u00bb.vc_custom_1642009041546{background-image: url(https:\/\/turismo.concellodeguitiriz.com\/wp-content\/uploads\/2021\/07\/camino-bgwhite.svg?id=293) !important;background-position: center !important;background-repeat: no-repeat !important;background-size: cover !important;}\u00bb][vc_column][vc_row_inner el_class=\u00bbmenu-atras\u00bb][vc_column_inner width=\u00bb1\/2&#8243;][vc_column_text]<a href=\"https:\/\/turismo.concellodeguitiriz.com\/es\/camino\/\"><i class=\"fas fa-long-arrow-alt-left\"><\/i> Volver a la p\u00e1gina El Camino de Santiago<\/a>[\/vc_column_text][\/vc_column_inner][vc_column_inner width=\u00bb1\/2&#8243;][vc_column_text]<\/p>\n<p style=\"text-align: right;\"><a href=\"https:\/\/turismo.concellodeguitiriz.com\/es\/camino\/camino-2\/\">Ver la <\/a><a href=\"\/camino\/primitivo\">Etapa Baamonde \u2013 Sobrado por Vilar \u2013 As Cruces<\/a><i class=\"fas fa-long-arrow-alt-right\"><\/i><\/p>\n<p>[\/vc_column_text][\/vc_column_inner][\/vc_row_inner][vc_row_inner][vc_column_inner width=\u00bb2\/3&#8243; offset=\u00bbvc_col-lg-offset-2 vc_col-md-offset-2&#8243;][vc_column_text]<\/p>\n<h1 class=\"historia\" style=\"text-align: center;\">ETAPA BAAMONDE &#8211; SOBRADO POR SANTA LEOCADIA &#8211; MIRAZ (39,8 km)<\/h1>\n<p>[\/vc_column_text][vc_column_text]<\/p>\n<p style=\"text-align: center;\">El Camino Tradicional pertenece a la etapa que va desde Baamonde a Miraz (Friol), un tramo que muestra el maravilloso paisaje que envuelve al Concello de Guitiriz (San Alberte \u2013 Diga\u00f1e).<\/p>\n<p>[\/vc_column_text][\/vc_column_inner][\/vc_row_inner][\/vc_column][\/vc_row][vc_row foundry_padding=\u00bbpt64 pb64&#8243;][vc_column][vc_row_inner][vc_column_inner width=\u00bb2\/3&#8243; offset=\u00bbvc_col-lg-offset-2 vc_col-md-offset-2&#8243;][vc_column_text]<\/p>\n<p style=\"text-align: justify;\">La etapa comienza en el lugar de A Lamela (P\u00edgara) y contin\u00faa hacia Baamonde (Begonte) por tierras guitiricenses.<\/p>\n<p style=\"text-align: justify;\">Una vez dejamos la carretera nacional, nos desviamos a la izquierda, cruzando la v\u00eda del tren. All\u00ed encontramos un puente de estilo g\u00f3tico sobre el r\u00edo Parga, hasta llegar al id\u00edlico santuario de San Alberte (Sambreixo). En su capilla del siglo XIV se encuentra un hermoso espacio natural.<\/p>\n<p style=\"text-align: justify;\">En el mismo bosque donde se sit\u00faa esta, existe una fuente, que seg\u00fan cuenta la tradici\u00f3n popular es buena para las personas con problemas de habla, y un hermoso crucero. En este mismo santuario casi m\u00e1gico, se realiza cada a\u00f1o en el mes de mayo una romer\u00eda que recupera la tradici\u00f3n del lugar. A\u00fan en la parroquia de Sambreixo, nace una senda no muy ancha con un bonito desnivel que muere a la altura del Rego da Vi\u00f1a. El itinerario gira a la derecha para encontrarnos con el lugar de Bandoncel.<\/p>\n<p>[\/vc_column_text][\/vc_column_inner][\/vc_row_inner][\/vc_column][\/vc_row][vc_row full_width=\u00bbstretch_row_content_no_spaces\u00bb foundry_padding=\u00bbpt64 pb64&#8243; el_class=\u00bbrow-fotos\u00bb][vc_column width=\u00bb1\/3&#8243;][vc_single_image image=\u00bb200&#8243; img_size=\u00bbfull\u00bb alignment=\u00bbcenter\u00bb][\/vc_column][vc_column width=\u00bb1\/3&#8243;][vc_single_image image=\u00bb198&#8243; img_size=\u00bbfull\u00bb alignment=\u00bbcenter\u00bb][\/vc_column][vc_column width=\u00bb1\/3&#8243;][vc_single_image image=\u00bb737&#8243; img_size=\u00bbfull\u00bb alignment=\u00bbcenter\u00bb][\/vc_column][\/vc_row][vc_row foundry_padding=\u00bbpt64 pb64&#8243;][vc_column][vc_row_inner][vc_column_inner width=\u00bb2\/3&#8243; offset=\u00bbvc_col-lg-offset-2 vc_col-md-offset-2&#8243;][vc_message]El tramo m\u00e1s complicado es el que conecta la Capilla de San Alberte con Bandoncel, sobre todo si haces el camino en bicicleta. Por lo que puedes tomar la alternativa asfaltada antes de atravesar el camino de tierra que nos dirige al santuario.[\/vc_message][vc_column_text]<\/p>\n<p style=\"text-align: justify;\">Continuamos por el lugar de Ca\u00ednzos, donde podemos ver un hermoso palco de orquesta de cemento en el campo de la fiesta. Continuamos el itinerario por caminos de tierra y piedra hacia el lugar de Diga\u00f1e y Raposeira, ambos pertenecientes a Santa Leocadia. Donde podemos ver otro tradicional campo de la fiesta y, con un peque\u00f1o desv\u00edo a la izquierda, podemos encontrar su hermosa iglesia. La ruta toma camino hacia la izquierda por una carretera local hasta Carballedo donde se sit\u00faa Witericus hospedaje, por s\u00ed el\/la peregrino\/a quiere hacer un alto en el camino<\/p>\n<p style=\"text-align: justify;\">Una vez retomado el camino, nos encontramos en Aldar. A partir de este punto, se deja atr\u00e1s la Terra Ch\u00e1 y nos adentramos en el municipio de Friol.<\/p>\n<p><strong>ALOJAMIENTO EN ESTA ETAPA:<\/strong><\/p>\n<p><strong>HOSPEDAJE WITERICUS <\/strong><\/p>\n<p>Lugar O Carballedo, 1, Santa Leocadia, 27380 Guitiriz.<\/p>\n<p>Telf: 982 163 095 \/ 678 415 728[\/vc_column_text][\/vc_column_inner][\/vc_row_inner][\/vc_column][\/vc_row][vc_row foundry_background_style=\u00bbbg-secondary\u00bb foundry_padding=\u00bbpt0 pb0&#8243; el_class=\u00bbprefooter\u00bb][vc_column][vc_row_inner][vc_column_inner][vc_column_text]<\/p>\n<h3 style=\"text-align: center;\">Descarga el folleto de la<br \/>\n<strong>Etapa Baamonde &#8211; Sobrado por Santa Leocadia &#8211; Miraz<\/strong><\/h3>\n<p style=\"text-align: center;\"><a class=\"btn\" href=\"https:\/\/turismo.concellodeguitiriz.com\/wp-content\/uploads\/2026\/02\/folleto-xacobeo-guitiriz-2026.pdf\" target=\"_blank\" rel=\"noopener\">Descargar<\/a><\/p>\n<p>[\/vc_column_text][\/vc_column_inner][\/vc_row_inner][\/vc_column][\/vc_row]<\/p>\n","protected":false},"excerpt":{"rendered":"<p>[vc_row foundry_padding=\u00bbpt64 pb64&#8243; foundry_parallax=\u00bbnot-parallax\u00bb css=\u00bb.vc_custom_1642009041546{background-image: url(https:\/\/turismo.concellodeguitiriz.com\/wp-content\/uploads\/2021\/07\/camino-bgwhite.svg?id=293) !important;background-position: center !important;background-repeat: no-repeat !important;background-size: cover !important;}\u00bb][vc_column][vc_row_inner el_class=\u00bbmenu-atras\u00bb][vc_column_inner width=\u00bb1\/2&#8243;][vc_column_text] Volver a la p\u00e1gina El Camino&#8230;<\/p>\n","protected":false},"author":1,"featured_media":0,"parent":801,"menu_order":0,"comment_status":"closed","ping_status":"closed","template":"","meta":{"footnotes":"","_links_to":"","_links_to_target":""},"class_list":["post-815","page","type-page","status-publish","hentry"],"yoast_head":"<!-- This site is optimized with the Yoast SEO plugin v19.13 - https:\/\/yoast.com\/wordpress\/plugins\/seo\/ -->\n<title>El camino tradicional | Turismo de Guitiriz<\/title>\n<meta name=\"description\" content=\"O Cami\u00f1o tradicional pertence a etapa que vai dende Baamonde a Miraz (Friol), un tramo de aproximadamente 7,7km que mostra a marabillosa paisaxe que envolve o Concello de Guitiriz (San Alberte \u2013 Diga\u00f1e).\" \/>\n<meta name=\"robots\" content=\"index, follow, max-snippet:-1, max-image-preview:large, max-video-preview:-1\" \/>\n<link rel=\"canonical\" href=\"https:\/\/turismo.concellodeguitiriz.com\/camino\/tradicional\/\" \/>\n<meta property=\"og:locale\" content=\"es_ES\" \/>\n<meta property=\"og:type\" content=\"article\" \/>\n<meta property=\"og:title\" content=\"O Cami\u00f1o Tradicional | Turismo de Guitiriz\" \/>\n<meta property=\"og:description\" content=\"O Cami\u00f1o tradicional pertence a etapa que vai dende Baamonde a Miraz (Friol), un tramo de aproximadamente 7,7km que mostra a marabillosa paisaxe que envolve o Concello de Guitiriz (San Alberte \u2013 Diga\u00f1e).\" \/>\n<meta property=\"og:url\" content=\"https:\/\/turismo.concellodeguitiriz.com\/camino\/tradicional\/\" \/>\n<meta property=\"og:site_name\" content=\"Turismo de Guitiriz\" \/>\n<meta property=\"article:publisher\" content=\"https:\/\/www.facebook.com\/concellodeguitiriz\/\" \/>\n<meta property=\"article:modified_time\" content=\"2026-02-12T10:09:12+00:00\" \/>\n<meta name=\"twitter:card\" content=\"summary_large_image\" \/>\n<meta name=\"twitter:title\" content=\"O Cami\u00f1o Tradicional | Turismo de Guitiriz\" \/>\n<meta name=\"twitter:description\" content=\"O Cami\u00f1o tradicional pertence a etapa que vai dende Baamonde a Miraz (Friol), un tramo de aproximadamente 7,7km que mostra a marabillosa paisaxe que envolve o Concello de Guitiriz (San Alberte \u2013 Diga\u00f1e).\" \/>\n<meta name=\"twitter:label1\" content=\"Tiempo de lectura\" \/>\n\t<meta name=\"twitter:data1\" content=\"3 minutos\" \/>\n<script type=\"application\/ld+json\" class=\"yoast-schema-graph\">{\"@context\":\"https:\/\/schema.org\",\"@graph\":[{\"@type\":\"WebPage\",\"@id\":\"https:\/\/turismo.concellodeguitiriz.com\/camino\/tradicional\/\",\"url\":\"https:\/\/turismo.concellodeguitiriz.com\/camino\/tradicional\/\",\"name\":\"El camino tradicional | Turismo de Guitiriz\",\"isPartOf\":{\"@id\":\"https:\/\/turismo.concellodeguitiriz.com\/#website\"},\"datePublished\":\"2021-07-05T17:39:35+00:00\",\"dateModified\":\"2026-02-12T10:09:12+00:00\",\"description\":\"O Cami\u00f1o tradicional pertence a etapa que vai dende Baamonde a Miraz (Friol), un tramo de aproximadamente 7,7km que mostra a marabillosa paisaxe que envolve o Concello de Guitiriz (San Alberte \u2013 Diga\u00f1e).\",\"breadcrumb\":{\"@id\":\"https:\/\/turismo.concellodeguitiriz.com\/camino\/tradicional\/#breadcrumb\"},\"inLanguage\":\"es\",\"potentialAction\":[{\"@type\":\"ReadAction\",\"target\":[\"https:\/\/turismo.concellodeguitiriz.com\/camino\/tradicional\/\"]}]},{\"@type\":\"BreadcrumbList\",\"@id\":\"https:\/\/turismo.concellodeguitiriz.com\/camino\/tradicional\/#breadcrumb\",\"itemListElement\":[{\"@type\":\"ListItem\",\"position\":1,\"name\":\"Portada\",\"item\":\"https:\/\/turismo.concellodeguitiriz.com\/es\/\"},{\"@type\":\"ListItem\",\"position\":2,\"name\":\"El Camino de Santiago\",\"item\":\"https:\/\/turismo.concellodeguitiriz.com\/es\/camino\/\"},{\"@type\":\"ListItem\",\"position\":3,\"name\":\"El camino tradicional\"}]},{\"@type\":\"WebSite\",\"@id\":\"https:\/\/turismo.concellodeguitiriz.com\/#website\",\"url\":\"https:\/\/turismo.concellodeguitiriz.com\/\",\"name\":\"Turismo de Guitiriz\",\"description\":\"Concello de Guitiriz\",\"publisher\":{\"@id\":\"https:\/\/turismo.concellodeguitiriz.com\/#organization\"},\"potentialAction\":[{\"@type\":\"SearchAction\",\"target\":{\"@type\":\"EntryPoint\",\"urlTemplate\":\"https:\/\/turismo.concellodeguitiriz.com\/?s={search_term_string}\"},\"query-input\":\"required name=search_term_string\"}],\"inLanguage\":\"es\"},{\"@type\":\"Organization\",\"@id\":\"https:\/\/turismo.concellodeguitiriz.com\/#organization\",\"name\":\"Turismo Guitiriz\",\"url\":\"https:\/\/turismo.concellodeguitiriz.com\/\",\"logo\":{\"@type\":\"ImageObject\",\"inLanguage\":\"es\",\"@id\":\"https:\/\/turismo.concellodeguitiriz.com\/#\/schema\/logo\/image\/\",\"url\":\"https:\/\/turismo.concellodeguitiriz.com\/wp-content\/uploads\/2021\/06\/g-turismo-logopos.png\",\"contentUrl\":\"https:\/\/turismo.concellodeguitiriz.com\/wp-content\/uploads\/2021\/06\/g-turismo-logopos.png\",\"width\":2001,\"height\":1024,\"caption\":\"Turismo Guitiriz\"},\"image\":{\"@id\":\"https:\/\/turismo.concellodeguitiriz.com\/#\/schema\/logo\/image\/\"},\"sameAs\":[\"https:\/\/www.instagram.com\/guitirizigualdade\/\",\"https:\/\/www.facebook.com\/concellodeguitiriz\/\"]}]}<\/script>\n<!-- \/ Yoast SEO plugin. -->","yoast_head_json":{"title":"El camino tradicional | Turismo de Guitiriz","description":"O Cami\u00f1o tradicional pertence a etapa que vai dende Baamonde a Miraz (Friol), un tramo de aproximadamente 7,7km que mostra a marabillosa paisaxe que envolve o Concello de Guitiriz (San Alberte \u2013 Diga\u00f1e).","robots":{"index":"index","follow":"follow","max-snippet":"max-snippet:-1","max-image-preview":"max-image-preview:large","max-video-preview":"max-video-preview:-1"},"canonical":"https:\/\/turismo.concellodeguitiriz.com\/camino\/tradicional\/","og_locale":"es_ES","og_type":"article","og_title":"O Cami\u00f1o Tradicional | Turismo de Guitiriz","og_description":"O Cami\u00f1o tradicional pertence a etapa que vai dende Baamonde a Miraz (Friol), un tramo de aproximadamente 7,7km que mostra a marabillosa paisaxe que envolve o Concello de Guitiriz (San Alberte \u2013 Diga\u00f1e).","og_url":"https:\/\/turismo.concellodeguitiriz.com\/camino\/tradicional\/","og_site_name":"Turismo de Guitiriz","article_publisher":"https:\/\/www.facebook.com\/concellodeguitiriz\/","article_modified_time":"2026-02-12T10:09:12+00:00","twitter_card":"summary_large_image","twitter_title":"O Cami\u00f1o Tradicional | Turismo de Guitiriz","twitter_description":"O Cami\u00f1o tradicional pertence a etapa que vai dende Baamonde a Miraz (Friol), un tramo de aproximadamente 7,7km que mostra a marabillosa paisaxe que envolve o Concello de Guitiriz (San Alberte \u2013 Diga\u00f1e).","twitter_misc":{"Tiempo de lectura":"3 minutos"},"schema":{"@context":"https:\/\/schema.org","@graph":[{"@type":"WebPage","@id":"https:\/\/turismo.concellodeguitiriz.com\/camino\/tradicional\/","url":"https:\/\/turismo.concellodeguitiriz.com\/camino\/tradicional\/","name":"El camino tradicional | Turismo de Guitiriz","isPartOf":{"@id":"https:\/\/turismo.concellodeguitiriz.com\/#website"},"datePublished":"2021-07-05T17:39:35+00:00","dateModified":"2026-02-12T10:09:12+00:00","description":"O Cami\u00f1o tradicional pertence a etapa que vai dende Baamonde a Miraz (Friol), un tramo de aproximadamente 7,7km que mostra a marabillosa paisaxe que envolve o Concello de Guitiriz (San Alberte \u2013 Diga\u00f1e).","breadcrumb":{"@id":"https:\/\/turismo.concellodeguitiriz.com\/camino\/tradicional\/#breadcrumb"},"inLanguage":"es","potentialAction":[{"@type":"ReadAction","target":["https:\/\/turismo.concellodeguitiriz.com\/camino\/tradicional\/"]}]},{"@type":"BreadcrumbList","@id":"https:\/\/turismo.concellodeguitiriz.com\/camino\/tradicional\/#breadcrumb","itemListElement":[{"@type":"ListItem","position":1,"name":"Portada","item":"https:\/\/turismo.concellodeguitiriz.com\/es\/"},{"@type":"ListItem","position":2,"name":"El Camino de Santiago","item":"https:\/\/turismo.concellodeguitiriz.com\/es\/camino\/"},{"@type":"ListItem","position":3,"name":"El camino tradicional"}]},{"@type":"WebSite","@id":"https:\/\/turismo.concellodeguitiriz.com\/#website","url":"https:\/\/turismo.concellodeguitiriz.com\/","name":"Turismo de Guitiriz","description":"Concello de Guitiriz","publisher":{"@id":"https:\/\/turismo.concellodeguitiriz.com\/#organization"},"potentialAction":[{"@type":"SearchAction","target":{"@type":"EntryPoint","urlTemplate":"https:\/\/turismo.concellodeguitiriz.com\/?s={search_term_string}"},"query-input":"required name=search_term_string"}],"inLanguage":"es"},{"@type":"Organization","@id":"https:\/\/turismo.concellodeguitiriz.com\/#organization","name":"Turismo Guitiriz","url":"https:\/\/turismo.concellodeguitiriz.com\/","logo":{"@type":"ImageObject","inLanguage":"es","@id":"https:\/\/turismo.concellodeguitiriz.com\/#\/schema\/logo\/image\/","url":"https:\/\/turismo.concellodeguitiriz.com\/wp-content\/uploads\/2021\/06\/g-turismo-logopos.png","contentUrl":"https:\/\/turismo.concellodeguitiriz.com\/wp-content\/uploads\/2021\/06\/g-turismo-logopos.png","width":2001,"height":1024,"caption":"Turismo Guitiriz"},"image":{"@id":"https:\/\/turismo.concellodeguitiriz.com\/#\/schema\/logo\/image\/"},"sameAs":["https:\/\/www.instagram.com\/guitirizigualdade\/","https:\/\/www.facebook.com\/concellodeguitiriz\/"]}]}},"_links":{"self":[{"href":"https:\/\/turismo.concellodeguitiriz.com\/es\/wp-json\/wp\/v2\/pages\/815","targetHints":{"allow":["GET"]}}],"collection":[{"href":"https:\/\/turismo.concellodeguitiriz.com\/es\/wp-json\/wp\/v2\/pages"}],"about":[{"href":"https:\/\/turismo.concellodeguitiriz.com\/es\/wp-json\/wp\/v2\/types\/page"}],"author":[{"embeddable":true,"href":"https:\/\/turismo.concellodeguitiriz.com\/es\/wp-json\/wp\/v2\/users\/1"}],"replies":[{"embeddable":true,"href":"https:\/\/turismo.concellodeguitiriz.com\/es\/wp-json\/wp\/v2\/comments?post=815"}],"version-history":[{"count":5,"href":"https:\/\/turismo.concellodeguitiriz.com\/es\/wp-json\/wp\/v2\/pages\/815\/revisions"}],"predecessor-version":[{"id":1477,"href":"https:\/\/turismo.concellodeguitiriz.com\/es\/wp-json\/wp\/v2\/pages\/815\/revisions\/1477"}],"up":[{"embeddable":true,"href":"https:\/\/turismo.concellodeguitiriz.com\/es\/wp-json\/wp\/v2\/pages\/801"}],"wp:attachment":[{"href":"https:\/\/turismo.concellodeguitiriz.com\/es\/wp-json\/wp\/v2\/media?parent=815"}],"curies":[{"name":"wp","href":"https:\/\/api.w.org\/{rel}","templated":true}]}}