{"id":847,"date":"2021-07-21T15:42:11","date_gmt":"2021-07-21T15:42:11","guid":{"rendered":"https:\/\/turismo.concellodeguitiriz.com\/parroquias\/sambreixo\/"},"modified":"2021-08-01T15:57:51","modified_gmt":"2021-08-01T15:57:51","slug":"sambreixo","status":"publish","type":"page","link":"https:\/\/turismo.concellodeguitiriz.com\/es\/parroquias\/sambreixo\/","title":{"rendered":"Sambreixo"},"content":{"rendered":"<p>[vc_row foundry_background_style=\u00bbbg-secondary\u00bb foundry_padding=\u00bbpt64 pb64&#8243;][vc_column][vc_column_text]<a href=\"\/es\/parroquias\/\"><i class=\"fas fa-long-arrow-alt-left\"><\/i> Ver todas las Parroquias<\/a>[\/vc_column_text][vc_column_text]<\/p>\n<h1 style=\"text-align: center;\">Sambreixo<\/h1>\n<p>[\/vc_column_text][\/vc_column][\/vc_row][vc_row foundry_padding=\u00bbpt64 pb64&#8243; el_class=\u00bbcontainer-parroquias\u00bb][vc_column el_class=\u00bbgrid-parroquias\u00bb][vc_tta_tour active_section=\u00bb1&#8243; el_class=\u00bbtour-parroquias\u00bb][vc_tta_section i_icon_fontawesome=\u00bbfas fa-map-marker-alt\u00bb add_icon=\u00bbtrue\u00bb title=\u00bbSituaci\u00f3n\u00bb tab_id=\u00bbsituacion\u00bb][vc_column_text]<i class=\"fas fa-map-marker-alt\"><\/i> <strong>Situaci\u00f3n<\/strong>: Situada a 8,4km do n\u00facleo municipal.<br \/>\n<a href=\"https:\/\/maps.app.goo.gl\/bFEkvdPP8YhqHP3N8\" target=\"_blank\" rel=\"noopener\">Consulta ubicaci\u00f3n<\/a><\/p>\n<p><i class=\"fas fa-route\"><\/i> <strong>Entidades poblacionales:<\/strong> 14<br \/>\nAlfonsares, Bandoncel,O Canto do Muro, O Carballo, A Cortella, Costoiras, O Cot\u00f3n, A Eirexe, A Fonte, As Penas, O Rego da Vi\u00f1a, Santo Alberto, Sobreouteiro, Toar.[\/vc_column_text][\/vc_tta_section][vc_tta_section i_icon_fontawesome=\u00bbfas fa-book-open\u00bb add_icon=\u00bbtrue\u00bb title=\u00bbConoce Sambreixo\u00bb tab_id=\u00bbconoce\u00bb][vc_row_inner][vc_column_inner][vc_column_text]Por esta parroquia pasa el <a href=\"https:\/\/turismo.concellodeguitiriz.com\/es\/camino\/\">Camino Norte de Santiago de Compostela<\/a>. Uno de los lugares m\u00e1s significativos de Sambreixo es San Alberte donde se encuentra una capilla de estilo G\u00f3tico. Cerca de la capilla se encuentra tambi\u00e9n una fuente, que seg\u00fan cuenta la creencia popular sus aguas son buenas para curar problemas relacionadas con el habla.<\/p>\n<p>En los alrededores de la Capilla de San Alberte se encuentra un refugio de los pescadores ideal para hacer un alto en el camino.<\/p>\n<p class=\"rtejustify\">En San Alberte empieza la \u201c<a href=\"\/es\/rutas\/ruta-auga\">Ruta del Agua<\/a>\u201d, que es una ruta de senderismo que une las tres fuentes minero-medicionales (Fuente de Valdov\u00edn en Parga, San Juan en Guitiriz y Santo Domingo en Pardi\u00f1as) del ayuntamiento con el Camino Norte de Santiago de Compostela.<\/p>\n<p>La iglesia parroquial de Sambreixo situada en el lugar de Toar, es otro de sus atractivos tur\u00edsticos. Su estilo era inicialmente Rom\u00e1nico, ya que, el edificio primitivo pertenece al siglo XII.<\/p>\n<p class=\"rtejustify\">Otro de los alicientes para visitar Sambreixo son las fant\u00e1sticas vistas que hay desde su mirador.<\/p>\n<p>[\/vc_column_text][\/vc_column_inner][\/vc_row_inner][\/vc_tta_section][vc_tta_section i_icon_fontawesome=\u00bbfas fa-eye\u00bb add_icon=\u00bbtrue\u00bb title=\u00bbQu\u00e9 ver\u00bb tab_id=\u00bbque-ver\u00bb][vc_row_inner][vc_column_inner width=\u00bb1\/2&#8243; offset=\u00bbvc_col-xs-6&#8243;][vc_single_image image=\u00bb198&#8243; img_size=\u00bbfull\u00bb alignment=\u00bbcenter\u00bb][\/vc_column_inner][vc_column_inner width=\u00bb1\/2&#8243;][vc_single_image image=\u00bb200&#8243; img_size=\u00bbfull\u00bb alignment=\u00bbcenter\u00bb][\/vc_column_inner][\/vc_row_inner][\/vc_tta_section][vc_tta_section i_icon_fontawesome=\u00bbfas fa-calendar\u00bb add_icon=\u00bbtrue\u00bb title=\u00bbFiestas\u00bb tab_id=\u00bbfestas\u00bb][vc_column_text]<i class=\"fas fa-calendar\"><\/i> <strong>Fiestas<\/strong>:<\/p>\n<ul>\n<li>En honor a San Remixio el primer fin de semana de octubre.<\/li>\n<li>La Romar\u00eda popular de San Alberte, el tercer fin de semana de mayo.<\/li>\n<\/ul>\n<p>[\/vc_column_text][\/vc_tta_section][\/vc_tta_tour][\/vc_column][\/vc_row]<\/p>\n","protected":false},"excerpt":{"rendered":"<p>[vc_row foundry_background_style=\u00bbbg-secondary\u00bb foundry_padding=\u00bbpt64 pb64&#8243;][vc_column][vc_column_text] Ver todas las Parroquias[\/vc_column_text][vc_column_text] Sambreixo [\/vc_column_text][\/vc_column][\/vc_row][vc_row foundry_padding=\u00bbpt64 pb64&#8243; el_class=\u00bbcontainer-parroquias\u00bb][vc_column el_class=\u00bbgrid-parroquias\u00bb][vc_tta_tour active_section=\u00bb1&#8243; el_class=\u00bbtour-parroquias\u00bb][vc_tta_section i_icon_fontawesome=\u00bbfas fa-map-marker-alt\u00bb add_icon=\u00bbtrue\u00bb title=\u00bbSituaci\u00f3n\u00bb tab_id=\u00bbsituacion\u00bb][vc_column_text]&#8230;<\/p>\n","protected":false},"author":1,"featured_media":0,"parent":671,"menu_order":0,"comment_status":"closed","ping_status":"closed","template":"","meta":{"footnotes":"","_links_to":"","_links_to_target":""},"class_list":["post-847","page","type-page","status-publish","hentry"],"yoast_head":"<!-- This site is optimized with the Yoast SEO plugin v19.13 - https:\/\/yoast.com\/wordpress\/plugins\/seo\/ -->\n<title>Sambreixo | Turismo de Guitiriz<\/title>\n<meta name=\"description\" content=\"Uno de los lugares m\u00e1s significativos de Sambreixo es San Alberte con una capilla de estilo G\u00f3tico y la conocida fuente del habla.\" \/>\n<meta name=\"robots\" content=\"index, follow, max-snippet:-1, max-image-preview:large, max-video-preview:-1\" \/>\n<link rel=\"canonical\" href=\"https:\/\/turismo.concellodeguitiriz.com\/es\/parroquias\/sambreixo\/\" \/>\n<meta property=\"og:locale\" content=\"es_ES\" \/>\n<meta property=\"og:type\" content=\"article\" \/>\n<meta property=\"og:title\" content=\"Sambreixo | Turismo de Guitiriz\" \/>\n<meta property=\"og:description\" content=\"Uno de los lugares m\u00e1s significativos de Sambreixo es San Alberte con una capilla de estilo G\u00f3tico y la conocida fuente del habla.\" \/>\n<meta property=\"og:url\" content=\"https:\/\/turismo.concellodeguitiriz.com\/es\/parroquias\/sambreixo\/\" \/>\n<meta property=\"og:site_name\" content=\"Turismo de Guitiriz\" \/>\n<meta property=\"article:publisher\" content=\"https:\/\/www.facebook.com\/concellodeguitiriz\/\" \/>\n<meta property=\"article:modified_time\" content=\"2021-08-01T15:57:51+00:00\" \/>\n<meta name=\"twitter:card\" content=\"summary_large_image\" \/>\n<meta name=\"twitter:title\" content=\"Sambreixo | Turismo de Guitiriz\" \/>\n<meta name=\"twitter:description\" content=\"Uno de los lugares m\u00e1s significativos de Sambreixo es San Alberte con una capilla de estilo G\u00f3tico y la conocida fuente del habla.\" \/>\n<meta name=\"twitter:label1\" content=\"Tiempo de lectura\" \/>\n\t<meta name=\"twitter:data1\" content=\"2 minutos\" \/>\n<script type=\"application\/ld+json\" class=\"yoast-schema-graph\">{\"@context\":\"https:\/\/schema.org\",\"@graph\":[{\"@type\":\"WebPage\",\"@id\":\"https:\/\/turismo.concellodeguitiriz.com\/es\/parroquias\/sambreixo\/\",\"url\":\"https:\/\/turismo.concellodeguitiriz.com\/es\/parroquias\/sambreixo\/\",\"name\":\"Sambreixo | Turismo de Guitiriz\",\"isPartOf\":{\"@id\":\"https:\/\/turismo.concellodeguitiriz.com\/#website\"},\"datePublished\":\"2021-07-21T15:42:11+00:00\",\"dateModified\":\"2021-08-01T15:57:51+00:00\",\"description\":\"Uno de los lugares m\u00e1s significativos de Sambreixo es San Alberte con una capilla de estilo G\u00f3tico y la conocida fuente del habla.\",\"breadcrumb\":{\"@id\":\"https:\/\/turismo.concellodeguitiriz.com\/es\/parroquias\/sambreixo\/#breadcrumb\"},\"inLanguage\":\"es\",\"potentialAction\":[{\"@type\":\"ReadAction\",\"target\":[\"https:\/\/turismo.concellodeguitiriz.com\/es\/parroquias\/sambreixo\/\"]}]},{\"@type\":\"BreadcrumbList\",\"@id\":\"https:\/\/turismo.concellodeguitiriz.com\/es\/parroquias\/sambreixo\/#breadcrumb\",\"itemListElement\":[{\"@type\":\"ListItem\",\"position\":1,\"name\":\"Portada\",\"item\":\"https:\/\/turismo.concellodeguitiriz.com\/es\/\"},{\"@type\":\"ListItem\",\"position\":2,\"name\":\"Parroquias\",\"item\":\"https:\/\/turismo.concellodeguitiriz.com\/es\/parroquias\/\"},{\"@type\":\"ListItem\",\"position\":3,\"name\":\"Sambreixo\"}]},{\"@type\":\"WebSite\",\"@id\":\"https:\/\/turismo.concellodeguitiriz.com\/#website\",\"url\":\"https:\/\/turismo.concellodeguitiriz.com\/\",\"name\":\"Turismo de Guitiriz\",\"description\":\"Concello de Guitiriz\",\"publisher\":{\"@id\":\"https:\/\/turismo.concellodeguitiriz.com\/#organization\"},\"potentialAction\":[{\"@type\":\"SearchAction\",\"target\":{\"@type\":\"EntryPoint\",\"urlTemplate\":\"https:\/\/turismo.concellodeguitiriz.com\/?s={search_term_string}\"},\"query-input\":\"required name=search_term_string\"}],\"inLanguage\":\"es\"},{\"@type\":\"Organization\",\"@id\":\"https:\/\/turismo.concellodeguitiriz.com\/#organization\",\"name\":\"Turismo Guitiriz\",\"url\":\"https:\/\/turismo.concellodeguitiriz.com\/\",\"logo\":{\"@type\":\"ImageObject\",\"inLanguage\":\"es\",\"@id\":\"https:\/\/turismo.concellodeguitiriz.com\/#\/schema\/logo\/image\/\",\"url\":\"https:\/\/turismo.concellodeguitiriz.com\/wp-content\/uploads\/2021\/06\/g-turismo-logopos.png\",\"contentUrl\":\"https:\/\/turismo.concellodeguitiriz.com\/wp-content\/uploads\/2021\/06\/g-turismo-logopos.png\",\"width\":2001,\"height\":1024,\"caption\":\"Turismo Guitiriz\"},\"image\":{\"@id\":\"https:\/\/turismo.concellodeguitiriz.com\/#\/schema\/logo\/image\/\"},\"sameAs\":[\"https:\/\/www.instagram.com\/guitirizigualdade\/\",\"https:\/\/www.facebook.com\/concellodeguitiriz\/\"]}]}<\/script>\n<!-- \/ Yoast SEO plugin. -->","yoast_head_json":{"title":"Sambreixo | Turismo de Guitiriz","description":"Uno de los lugares m\u00e1s significativos de Sambreixo es San Alberte con una capilla de estilo G\u00f3tico y la conocida fuente del habla.","robots":{"index":"index","follow":"follow","max-snippet":"max-snippet:-1","max-image-preview":"max-image-preview:large","max-video-preview":"max-video-preview:-1"},"canonical":"https:\/\/turismo.concellodeguitiriz.com\/es\/parroquias\/sambreixo\/","og_locale":"es_ES","og_type":"article","og_title":"Sambreixo | Turismo de Guitiriz","og_description":"Uno de los lugares m\u00e1s significativos de Sambreixo es San Alberte con una capilla de estilo G\u00f3tico y la conocida fuente del habla.","og_url":"https:\/\/turismo.concellodeguitiriz.com\/es\/parroquias\/sambreixo\/","og_site_name":"Turismo de Guitiriz","article_publisher":"https:\/\/www.facebook.com\/concellodeguitiriz\/","article_modified_time":"2021-08-01T15:57:51+00:00","twitter_card":"summary_large_image","twitter_title":"Sambreixo | Turismo de Guitiriz","twitter_description":"Uno de los lugares m\u00e1s significativos de Sambreixo es San Alberte con una capilla de estilo G\u00f3tico y la conocida fuente del habla.","twitter_misc":{"Tiempo de lectura":"2 minutos"},"schema":{"@context":"https:\/\/schema.org","@graph":[{"@type":"WebPage","@id":"https:\/\/turismo.concellodeguitiriz.com\/es\/parroquias\/sambreixo\/","url":"https:\/\/turismo.concellodeguitiriz.com\/es\/parroquias\/sambreixo\/","name":"Sambreixo | Turismo de Guitiriz","isPartOf":{"@id":"https:\/\/turismo.concellodeguitiriz.com\/#website"},"datePublished":"2021-07-21T15:42:11+00:00","dateModified":"2021-08-01T15:57:51+00:00","description":"Uno de los lugares m\u00e1s significativos de Sambreixo es San Alberte con una capilla de estilo G\u00f3tico y la conocida fuente del habla.","breadcrumb":{"@id":"https:\/\/turismo.concellodeguitiriz.com\/es\/parroquias\/sambreixo\/#breadcrumb"},"inLanguage":"es","potentialAction":[{"@type":"ReadAction","target":["https:\/\/turismo.concellodeguitiriz.com\/es\/parroquias\/sambreixo\/"]}]},{"@type":"BreadcrumbList","@id":"https:\/\/turismo.concellodeguitiriz.com\/es\/parroquias\/sambreixo\/#breadcrumb","itemListElement":[{"@type":"ListItem","position":1,"name":"Portada","item":"https:\/\/turismo.concellodeguitiriz.com\/es\/"},{"@type":"ListItem","position":2,"name":"Parroquias","item":"https:\/\/turismo.concellodeguitiriz.com\/es\/parroquias\/"},{"@type":"ListItem","position":3,"name":"Sambreixo"}]},{"@type":"WebSite","@id":"https:\/\/turismo.concellodeguitiriz.com\/#website","url":"https:\/\/turismo.concellodeguitiriz.com\/","name":"Turismo de Guitiriz","description":"Concello de Guitiriz","publisher":{"@id":"https:\/\/turismo.concellodeguitiriz.com\/#organization"},"potentialAction":[{"@type":"SearchAction","target":{"@type":"EntryPoint","urlTemplate":"https:\/\/turismo.concellodeguitiriz.com\/?s={search_term_string}"},"query-input":"required name=search_term_string"}],"inLanguage":"es"},{"@type":"Organization","@id":"https:\/\/turismo.concellodeguitiriz.com\/#organization","name":"Turismo Guitiriz","url":"https:\/\/turismo.concellodeguitiriz.com\/","logo":{"@type":"ImageObject","inLanguage":"es","@id":"https:\/\/turismo.concellodeguitiriz.com\/#\/schema\/logo\/image\/","url":"https:\/\/turismo.concellodeguitiriz.com\/wp-content\/uploads\/2021\/06\/g-turismo-logopos.png","contentUrl":"https:\/\/turismo.concellodeguitiriz.com\/wp-content\/uploads\/2021\/06\/g-turismo-logopos.png","width":2001,"height":1024,"caption":"Turismo Guitiriz"},"image":{"@id":"https:\/\/turismo.concellodeguitiriz.com\/#\/schema\/logo\/image\/"},"sameAs":["https:\/\/www.instagram.com\/guitirizigualdade\/","https:\/\/www.facebook.com\/concellodeguitiriz\/"]}]}},"_links":{"self":[{"href":"https:\/\/turismo.concellodeguitiriz.com\/es\/wp-json\/wp\/v2\/pages\/847","targetHints":{"allow":["GET"]}}],"collection":[{"href":"https:\/\/turismo.concellodeguitiriz.com\/es\/wp-json\/wp\/v2\/pages"}],"about":[{"href":"https:\/\/turismo.concellodeguitiriz.com\/es\/wp-json\/wp\/v2\/types\/page"}],"author":[{"embeddable":true,"href":"https:\/\/turismo.concellodeguitiriz.com\/es\/wp-json\/wp\/v2\/users\/1"}],"replies":[{"embeddable":true,"href":"https:\/\/turismo.concellodeguitiriz.com\/es\/wp-json\/wp\/v2\/comments?post=847"}],"version-history":[{"count":2,"href":"https:\/\/turismo.concellodeguitiriz.com\/es\/wp-json\/wp\/v2\/pages\/847\/revisions"}],"predecessor-version":[{"id":866,"href":"https:\/\/turismo.concellodeguitiriz.com\/es\/wp-json\/wp\/v2\/pages\/847\/revisions\/866"}],"up":[{"embeddable":true,"href":"https:\/\/turismo.concellodeguitiriz.com\/es\/wp-json\/wp\/v2\/pages\/671"}],"wp:attachment":[{"href":"https:\/\/turismo.concellodeguitiriz.com\/es\/wp-json\/wp\/v2\/media?parent=847"}],"curies":[{"name":"wp","href":"https:\/\/api.w.org\/{rel}","templated":true}]}}