{"id":848,"date":"2021-07-13T16:48:45","date_gmt":"2021-07-13T16:48:45","guid":{"rendered":"https:\/\/turismo.concellodeguitiriz.com\/parroquias\/san-salvador\/"},"modified":"2021-08-01T16:07:21","modified_gmt":"2021-08-01T16:07:21","slug":"san-salvador","status":"publish","type":"page","link":"https:\/\/turismo.concellodeguitiriz.com\/es\/parroquias\/san-salvador\/","title":{"rendered":"San Salvador"},"content":{"rendered":"<p>[vc_row foundry_background_style=\u00bbbg-secondary\u00bb foundry_padding=\u00bbpt64 pb64&#8243;][vc_column][vc_column_text]<a href=\"\/es\/parroquias\/\"><i class=\"fas fa-long-arrow-alt-left\"><\/i> Ver todas las Parroquias<\/a>[\/vc_column_text][vc_column_text]<\/p>\n<h1 style=\"text-align: center;\">San Salvador<\/h1>\n<p>[\/vc_column_text][\/vc_column][\/vc_row][vc_row foundry_padding=\u00bbpt64 pb64&#8243; el_class=\u00bbcontainer-parroquias\u00bb][vc_column el_class=\u00bbgrid-parroquias\u00bb][vc_tta_tour active_section=\u00bb1&#8243; el_class=\u00bbtour-parroquias\u00bb][vc_tta_section i_icon_fontawesome=\u00bbfas fa-map-marker-alt\u00bb add_icon=\u00bbtrue\u00bb title=\u00bbSituaci\u00f3n\u00bb tab_id=\u00bbsituacion\u00bb][vc_column_text]<i class=\"fas fa-map-marker-alt\"><\/i> <strong>Situaci\u00f3n<\/strong>: Situada a 7,8 km del n\u00facleo municipal.<br \/>\n<a href=\"https:\/\/maps.app.goo.gl\/9WiENC3TGC398ji46\" target=\"_blank\" rel=\"noopener\">Consulta ubicaci\u00f3n<\/a><\/p>\n<p><i class=\"fas fa-route\"><\/i> <strong>Entidades poblacionales:<\/strong> 16<br \/>\nBascuas, O Cando, O Casal, A Casanova, Enfestela, A Ermida, Locencia, A M\u00e1moa, Mir\u00f3n, Pereira, Revixoso, Samesode, O Seixo, Os Teixidos, Vigo e Vilaverde.[\/vc_column_text][\/vc_tta_section][vc_tta_section i_icon_fontawesome=\u00bbfas fa-book-open\u00bb add_icon=\u00bbtrue\u00bb title=\u00bbConoce San Salvador\u00bb tab_id=\u00bbconoce\u00bb][vc_row_inner][vc_column_inner][vc_column_text]San Salvador cuenta con uno de los lugares m\u00e1s emblem\u00e1ticos de Guitiriz, la Aldea de Bascuas. En este entorno se encuentra una hermosa Capilla. El santuario fue centro de peregrinaci\u00f3n hasta principios del S.XX y debido a la gran afluencia de fieles que ten\u00eda, los se\u00f1ores de Guitiriz y Baamonde, due\u00f1os del territorio en el S.XVIII decidieron dotarlo de un eremitorio.<\/p>\n<p>Entre las muchas tradiciones que se le atribuyen a esta capilla, la m\u00e1s importante fue el poder de su llave para curar a las personas que fueron mordidas por perros con rabia. Cuentan con devotos del agua que mana de la Fuente de \u00abA Veiga\u00bb en las proximidades del santuario que tiene poderes curativos y muchos son los que la cogen el d\u00eda de la romer\u00eda para llevarla a su casa.<\/p>\n<p>En esta parroquia destacan las Cruces y Cruceros, as\u00ed una de las m\u00e1s significativas es A Cruz de Bascuas, cerca del santuario de Nuestra Se\u00f1ora de Bascuas, es una cruz monol\u00edtica, r\u00fastica con un\u00a0recept\u00e1culo y una peque\u00f1a pila para el agua bendita en su plataforma, algo que es muy inusual.<\/p>\n<p>Adem\u00e1s de esta cruz, destaca el Crucero de O Pazo da Casanova, situado en una propiedad privada, es muy llamativo porque presenta un cristo crucificado muy desproporcionado y a sus pies una figura en actitud orante.<\/p>\n<p>En la aldea de Vilaveiga, lugar donde se sit\u00faa la Iglesia Parroquial de\u00a0San Salvador, que fue levantada de nueva planta, en estilo neog\u00f3tico, entre los a\u00f1os 1910 &#8211; 1914, desapareciendo as\u00ed la primitiva iglesia rom\u00e1nica.[\/vc_column_text][\/vc_column_inner][\/vc_row_inner][\/vc_tta_section][vc_tta_section i_icon_fontawesome=\u00bbfas fa-eye\u00bb add_icon=\u00bbtrue\u00bb title=\u00bbQu\u00e9 ver\u00bb tab_id=\u00bbque-ver\u00bb][vc_row_inner][vc_column_inner width=\u00bb1\/2&#8243; offset=\u00bbvc_col-xs-6&#8243;][vc_single_image image=\u00bb503&#8243; img_size=\u00bbfull\u00bb alignment=\u00bbcenter\u00bb][\/vc_column_inner][vc_column_inner width=\u00bb1\/2&#8243; offset=\u00bbvc_col-xs-6&#8243;][vc_single_image image=\u00bb499&#8243; img_size=\u00bbfull\u00bb alignment=\u00bbcenter\u00bb][\/vc_column_inner][\/vc_row_inner][\/vc_tta_section][vc_tta_section i_icon_fontawesome=\u00bbfas fa-calendar\u00bb add_icon=\u00bbtrue\u00bb title=\u00bbFiestas\u00bb tab_id=\u00bbfestas\u00bb][vc_column_text]<i class=\"fas fa-calendar\"><\/i> <strong>Fiestas<\/strong>:<\/p>\n<ul>\n<li>El segundo fin de semana de mayo. En honor a San Salvador.<\/li>\n<li>14 \u2013 15 de agosto. Romar\u00eda popular de Nuestra Se\u00f1ora de Bascuas, tambi\u00e9n llamada Fiestas de Nuestras Ra\u00edces.<\/li>\n<\/ul>\n<p>[\/vc_column_text][\/vc_tta_section][\/vc_tta_tour][\/vc_column][\/vc_row]<\/p>\n","protected":false},"excerpt":{"rendered":"<p>[vc_row foundry_background_style=\u00bbbg-secondary\u00bb foundry_padding=\u00bbpt64 pb64&#8243;][vc_column][vc_column_text] Ver todas las Parroquias[\/vc_column_text][vc_column_text] San Salvador [\/vc_column_text][\/vc_column][\/vc_row][vc_row foundry_padding=\u00bbpt64 pb64&#8243; el_class=\u00bbcontainer-parroquias\u00bb][vc_column el_class=\u00bbgrid-parroquias\u00bb][vc_tta_tour active_section=\u00bb1&#8243; el_class=\u00bbtour-parroquias\u00bb][vc_tta_section i_icon_fontawesome=\u00bbfas fa-map-marker-alt\u00bb add_icon=\u00bbtrue\u00bb title=\u00bbSituaci\u00f3n\u00bb&#8230;<\/p>\n","protected":false},"author":1,"featured_media":0,"parent":671,"menu_order":0,"comment_status":"closed","ping_status":"closed","template":"","meta":{"footnotes":"","_links_to":"","_links_to_target":""},"class_list":["post-848","page","type-page","status-publish","hentry"],"yoast_head":"<!-- This site is optimized with the Yoast SEO plugin v19.13 - https:\/\/yoast.com\/wordpress\/plugins\/seo\/ -->\n<title>San Salvador | Turismo de Guitiriz<\/title>\n<meta name=\"description\" content=\"San Salvador, a 7,8km del n\u00facleo, cuenta con uno de los lugares m\u00e1s emblem\u00e1ticos de Guitiriz, la Aldea de Bascuas.\" \/>\n<meta name=\"robots\" content=\"index, follow, max-snippet:-1, max-image-preview:large, max-video-preview:-1\" \/>\n<link rel=\"canonical\" href=\"https:\/\/turismo.concellodeguitiriz.com\/es\/parroquias\/san-salvador\/\" \/>\n<meta property=\"og:locale\" content=\"es_ES\" \/>\n<meta property=\"og:type\" content=\"article\" \/>\n<meta property=\"og:title\" content=\"San Salvador | Turismo de Guitiriz\" \/>\n<meta property=\"og:description\" content=\"San Salvador, a 7,8km del n\u00facleo, cuenta con uno de los lugares m\u00e1s emblem\u00e1ticos de Guitiriz, la Aldea de Bascuas.\" \/>\n<meta property=\"og:url\" content=\"https:\/\/turismo.concellodeguitiriz.com\/es\/parroquias\/san-salvador\/\" \/>\n<meta property=\"og:site_name\" content=\"Turismo de Guitiriz\" \/>\n<meta property=\"article:publisher\" content=\"https:\/\/www.facebook.com\/concellodeguitiriz\/\" \/>\n<meta property=\"article:modified_time\" content=\"2021-08-01T16:07:21+00:00\" \/>\n<meta name=\"twitter:card\" content=\"summary_large_image\" \/>\n<meta name=\"twitter:title\" content=\"San Salvador | Turismo de Guitiriz\" \/>\n<meta name=\"twitter:description\" content=\"San Salvador, a 7,8km del n\u00facleo, cuenta con uno de los lugares m\u00e1s emblem\u00e1ticos de Guitiriz, la Aldea de Bascuas.\" \/>\n<meta name=\"twitter:label1\" content=\"Tiempo de lectura\" \/>\n\t<meta name=\"twitter:data1\" content=\"2 minutos\" \/>\n<script type=\"application\/ld+json\" class=\"yoast-schema-graph\">{\"@context\":\"https:\/\/schema.org\",\"@graph\":[{\"@type\":\"WebPage\",\"@id\":\"https:\/\/turismo.concellodeguitiriz.com\/es\/parroquias\/san-salvador\/\",\"url\":\"https:\/\/turismo.concellodeguitiriz.com\/es\/parroquias\/san-salvador\/\",\"name\":\"San Salvador | Turismo de Guitiriz\",\"isPartOf\":{\"@id\":\"https:\/\/turismo.concellodeguitiriz.com\/#website\"},\"datePublished\":\"2021-07-13T16:48:45+00:00\",\"dateModified\":\"2021-08-01T16:07:21+00:00\",\"description\":\"San Salvador, a 7,8km del n\u00facleo, cuenta con uno de los lugares m\u00e1s emblem\u00e1ticos de Guitiriz, la Aldea de Bascuas.\",\"breadcrumb\":{\"@id\":\"https:\/\/turismo.concellodeguitiriz.com\/es\/parroquias\/san-salvador\/#breadcrumb\"},\"inLanguage\":\"es\",\"potentialAction\":[{\"@type\":\"ReadAction\",\"target\":[\"https:\/\/turismo.concellodeguitiriz.com\/es\/parroquias\/san-salvador\/\"]}]},{\"@type\":\"BreadcrumbList\",\"@id\":\"https:\/\/turismo.concellodeguitiriz.com\/es\/parroquias\/san-salvador\/#breadcrumb\",\"itemListElement\":[{\"@type\":\"ListItem\",\"position\":1,\"name\":\"Portada\",\"item\":\"https:\/\/turismo.concellodeguitiriz.com\/es\/\"},{\"@type\":\"ListItem\",\"position\":2,\"name\":\"Parroquias\",\"item\":\"https:\/\/turismo.concellodeguitiriz.com\/es\/parroquias\/\"},{\"@type\":\"ListItem\",\"position\":3,\"name\":\"San Salvador\"}]},{\"@type\":\"WebSite\",\"@id\":\"https:\/\/turismo.concellodeguitiriz.com\/#website\",\"url\":\"https:\/\/turismo.concellodeguitiriz.com\/\",\"name\":\"Turismo de Guitiriz\",\"description\":\"Concello de Guitiriz\",\"publisher\":{\"@id\":\"https:\/\/turismo.concellodeguitiriz.com\/#organization\"},\"potentialAction\":[{\"@type\":\"SearchAction\",\"target\":{\"@type\":\"EntryPoint\",\"urlTemplate\":\"https:\/\/turismo.concellodeguitiriz.com\/?s={search_term_string}\"},\"query-input\":\"required name=search_term_string\"}],\"inLanguage\":\"es\"},{\"@type\":\"Organization\",\"@id\":\"https:\/\/turismo.concellodeguitiriz.com\/#organization\",\"name\":\"Turismo Guitiriz\",\"url\":\"https:\/\/turismo.concellodeguitiriz.com\/\",\"logo\":{\"@type\":\"ImageObject\",\"inLanguage\":\"es\",\"@id\":\"https:\/\/turismo.concellodeguitiriz.com\/#\/schema\/logo\/image\/\",\"url\":\"https:\/\/turismo.concellodeguitiriz.com\/wp-content\/uploads\/2021\/06\/g-turismo-logopos.png\",\"contentUrl\":\"https:\/\/turismo.concellodeguitiriz.com\/wp-content\/uploads\/2021\/06\/g-turismo-logopos.png\",\"width\":2001,\"height\":1024,\"caption\":\"Turismo Guitiriz\"},\"image\":{\"@id\":\"https:\/\/turismo.concellodeguitiriz.com\/#\/schema\/logo\/image\/\"},\"sameAs\":[\"https:\/\/www.instagram.com\/guitirizigualdade\/\",\"https:\/\/www.facebook.com\/concellodeguitiriz\/\"]}]}<\/script>\n<!-- \/ Yoast SEO plugin. -->","yoast_head_json":{"title":"San Salvador | Turismo de Guitiriz","description":"San Salvador, a 7,8km del n\u00facleo, cuenta con uno de los lugares m\u00e1s emblem\u00e1ticos de Guitiriz, la Aldea de Bascuas.","robots":{"index":"index","follow":"follow","max-snippet":"max-snippet:-1","max-image-preview":"max-image-preview:large","max-video-preview":"max-video-preview:-1"},"canonical":"https:\/\/turismo.concellodeguitiriz.com\/es\/parroquias\/san-salvador\/","og_locale":"es_ES","og_type":"article","og_title":"San Salvador | Turismo de Guitiriz","og_description":"San Salvador, a 7,8km del n\u00facleo, cuenta con uno de los lugares m\u00e1s emblem\u00e1ticos de Guitiriz, la Aldea de Bascuas.","og_url":"https:\/\/turismo.concellodeguitiriz.com\/es\/parroquias\/san-salvador\/","og_site_name":"Turismo de Guitiriz","article_publisher":"https:\/\/www.facebook.com\/concellodeguitiriz\/","article_modified_time":"2021-08-01T16:07:21+00:00","twitter_card":"summary_large_image","twitter_title":"San Salvador | Turismo de Guitiriz","twitter_description":"San Salvador, a 7,8km del n\u00facleo, cuenta con uno de los lugares m\u00e1s emblem\u00e1ticos de Guitiriz, la Aldea de Bascuas.","twitter_misc":{"Tiempo de lectura":"2 minutos"},"schema":{"@context":"https:\/\/schema.org","@graph":[{"@type":"WebPage","@id":"https:\/\/turismo.concellodeguitiriz.com\/es\/parroquias\/san-salvador\/","url":"https:\/\/turismo.concellodeguitiriz.com\/es\/parroquias\/san-salvador\/","name":"San Salvador | Turismo de Guitiriz","isPartOf":{"@id":"https:\/\/turismo.concellodeguitiriz.com\/#website"},"datePublished":"2021-07-13T16:48:45+00:00","dateModified":"2021-08-01T16:07:21+00:00","description":"San Salvador, a 7,8km del n\u00facleo, cuenta con uno de los lugares m\u00e1s emblem\u00e1ticos de Guitiriz, la Aldea de Bascuas.","breadcrumb":{"@id":"https:\/\/turismo.concellodeguitiriz.com\/es\/parroquias\/san-salvador\/#breadcrumb"},"inLanguage":"es","potentialAction":[{"@type":"ReadAction","target":["https:\/\/turismo.concellodeguitiriz.com\/es\/parroquias\/san-salvador\/"]}]},{"@type":"BreadcrumbList","@id":"https:\/\/turismo.concellodeguitiriz.com\/es\/parroquias\/san-salvador\/#breadcrumb","itemListElement":[{"@type":"ListItem","position":1,"name":"Portada","item":"https:\/\/turismo.concellodeguitiriz.com\/es\/"},{"@type":"ListItem","position":2,"name":"Parroquias","item":"https:\/\/turismo.concellodeguitiriz.com\/es\/parroquias\/"},{"@type":"ListItem","position":3,"name":"San Salvador"}]},{"@type":"WebSite","@id":"https:\/\/turismo.concellodeguitiriz.com\/#website","url":"https:\/\/turismo.concellodeguitiriz.com\/","name":"Turismo de Guitiriz","description":"Concello de Guitiriz","publisher":{"@id":"https:\/\/turismo.concellodeguitiriz.com\/#organization"},"potentialAction":[{"@type":"SearchAction","target":{"@type":"EntryPoint","urlTemplate":"https:\/\/turismo.concellodeguitiriz.com\/?s={search_term_string}"},"query-input":"required name=search_term_string"}],"inLanguage":"es"},{"@type":"Organization","@id":"https:\/\/turismo.concellodeguitiriz.com\/#organization","name":"Turismo Guitiriz","url":"https:\/\/turismo.concellodeguitiriz.com\/","logo":{"@type":"ImageObject","inLanguage":"es","@id":"https:\/\/turismo.concellodeguitiriz.com\/#\/schema\/logo\/image\/","url":"https:\/\/turismo.concellodeguitiriz.com\/wp-content\/uploads\/2021\/06\/g-turismo-logopos.png","contentUrl":"https:\/\/turismo.concellodeguitiriz.com\/wp-content\/uploads\/2021\/06\/g-turismo-logopos.png","width":2001,"height":1024,"caption":"Turismo Guitiriz"},"image":{"@id":"https:\/\/turismo.concellodeguitiriz.com\/#\/schema\/logo\/image\/"},"sameAs":["https:\/\/www.instagram.com\/guitirizigualdade\/","https:\/\/www.facebook.com\/concellodeguitiriz\/"]}]}},"_links":{"self":[{"href":"https:\/\/turismo.concellodeguitiriz.com\/es\/wp-json\/wp\/v2\/pages\/848","targetHints":{"allow":["GET"]}}],"collection":[{"href":"https:\/\/turismo.concellodeguitiriz.com\/es\/wp-json\/wp\/v2\/pages"}],"about":[{"href":"https:\/\/turismo.concellodeguitiriz.com\/es\/wp-json\/wp\/v2\/types\/page"}],"author":[{"embeddable":true,"href":"https:\/\/turismo.concellodeguitiriz.com\/es\/wp-json\/wp\/v2\/users\/1"}],"replies":[{"embeddable":true,"href":"https:\/\/turismo.concellodeguitiriz.com\/es\/wp-json\/wp\/v2\/comments?post=848"}],"version-history":[{"count":2,"href":"https:\/\/turismo.concellodeguitiriz.com\/es\/wp-json\/wp\/v2\/pages\/848\/revisions"}],"predecessor-version":[{"id":867,"href":"https:\/\/turismo.concellodeguitiriz.com\/es\/wp-json\/wp\/v2\/pages\/848\/revisions\/867"}],"up":[{"embeddable":true,"href":"https:\/\/turismo.concellodeguitiriz.com\/es\/wp-json\/wp\/v2\/pages\/671"}],"wp:attachment":[{"href":"https:\/\/turismo.concellodeguitiriz.com\/es\/wp-json\/wp\/v2\/media?parent=848"}],"curies":[{"name":"wp","href":"https:\/\/api.w.org\/{rel}","templated":true}]}}